{"id":5348,"date":"2023-05-10T13:15:49","date_gmt":"2023-05-10T13:15:49","guid":{"rendered":"https:\/\/visitbaceno.it\/antigorio-und-formazza-tal\/"},"modified":"2024-04-26T15:52:39","modified_gmt":"2024-04-26T15:52:39","slug":"antigorio-und-formazza-tal","status":"publish","type":"page","link":"https:\/\/visitbaceno.it\/de\/antigorio-und-formazza-tal\/","title":{"rendered":"Antigorio- und Formazza-Tal"},"content":{"rendered":"\t\t<div data-elementor-type=\"wp-page\" data-elementor-id=\"5348\" class=\"elementor elementor-5348 elementor-1722\">\n\t\t\t\t\t\t\t\t\t<section class=\"elementor-section elementor-top-section elementor-element elementor-element-ce4aaba elementor-section-boxed elementor-section-height-default elementor-section-height-default\" data-id=\"ce4aaba\" data-element_type=\"section\" data-settings=\"{&quot;jet_parallax_layout_list&quot;:[]}\">\n\t\t\t\t\t\t<div class=\"elementor-container elementor-column-gap-default\">\n\t\t\t\t\t<div class=\"elementor-column elementor-col-50 elementor-top-column elementor-element elementor-element-3448c11\" data-id=\"3448c11\" data-element_type=\"column\">\n\t\t\t<div class=\"elementor-widget-wrap elementor-element-populated\">\n\t\t\t\t\t\t\t\t<div class=\"elementor-element elementor-element-c43ae46 elementor-widget elementor-widget-text-editor\" data-id=\"c43ae46\" data-element_type=\"widget\" data-widget_type=\"text-editor.default\">\n\t\t\t\t<div class=\"elementor-widget-container\">\n\t\t\t<style>\/*! elementor - v3.13.3 - 28-05-2023 *\/\n.elementor-widget-text-editor.elementor-drop-cap-view-stacked .elementor-drop-cap{background-color:#69727d;color:#fff}.elementor-widget-text-editor.elementor-drop-cap-view-framed .elementor-drop-cap{color:#69727d;border:3px solid;background-color:transparent}.elementor-widget-text-editor:not(.elementor-drop-cap-view-default) .elementor-drop-cap{margin-top:8px}.elementor-widget-text-editor:not(.elementor-drop-cap-view-default) .elementor-drop-cap-letter{width:1em;height:1em}.elementor-widget-text-editor .elementor-drop-cap{float:left;text-align:center;line-height:1;font-size:50px}.elementor-widget-text-editor .elementor-drop-cap-letter{display:inline-block}<\/style>\t\t\t\t<p>Die <strong>T\u00e4ler Antigorio<\/strong> und <strong>Formazza<\/strong>, die sich n\u00f6rdlich von Domodossola tief in die Alpen an der Grenze zur Schweiz eindringen, werden <strong>vom Fluss Toce durchquert<\/strong>. Von der 1730-Meter-H\u00f6he des bezaubernden Walserdorfs Riale st\u00fcrzt der Fluss talw\u00e4rts und l\u00e4sst eines der am meisten fotografierten Naturschauspiele des Piemonts entstehen: <strong>den Toce-Wasserfall<\/strong>..<br \/>Zwischen hohen Felsw\u00e4nden, an denen er die Spuren seiner jahrtausendelangen Erosionsarbeit hinterlassen hat, flie\u00dft der Toce dann in die Ebene hinab: die eindrucksvollen <strong>Schluchten und Schlagl\u00f6cher des Antigorio-Tals<\/strong> zeugen davon.<\/p>\n<p><strong>Wasser <\/strong> war schon immer eine lebenswichtige Ressource: <strong>Staud\u00e4mme <\/strong> in den Alpen, <strong>Wasserkraftwerke <\/strong> und <strong>Thermen <\/strong> sind noch heute beispielhaft. Strom wird seit Jahrzehnten in Wasserkraftwerken erzeugt, die von <strong>Piero Portaluppi, einem ber\u00fchmten Architekten<\/strong> des 20. Jahrhunderts, entworfen und <strong>in Kunstwerke verwandelt wurden<\/strong>. Diese sind nur noch in seltenen F\u00e4llen zu besichtigen.<\/p>\n<p>Wasser ist auch der Rohstoff f\u00fcr eines der ber\u00fchmtesten alkoholfreien Getr\u00e4nke Italiens, <strong>den Crodino, der noch immer im Nachbardorf Crodo hergestellt wird<\/strong>. Im Kurort Premia, an der Stra\u00dfe von Baceno in Richtung Formazza-Tal, ist das Wasser ein wertvolles Element f\u00fcr das <strong>pers\u00f6nliche Wohlbefinden<\/strong>.<br \/>Und schlie\u00dflich, was das Naturangebot vervollst\u00e4ndigt, sind <strong>die atemberaubenden Wanderwege<\/strong>, von den stillen Mittelgebirgsw\u00e4ldern bis zu den Almwiesen des Naturparks Veglia Devero.<\/p>\n\t\t\t\t\t\t<\/div>\n\t\t\t\t<\/div>\n\t\t\t\t\t<\/div>\n\t\t<\/div>\n\t\t\t\t<div class=\"elementor-column elementor-col-50 elementor-top-column elementor-element elementor-element-46ce7de\" data-id=\"46ce7de\" data-element_type=\"column\">\n\t\t\t<div class=\"elementor-widget-wrap elementor-element-populated\">\n\t\t\t\t\t\t\t\t<div class=\"elementor-element elementor-element-89895ef elementor-widget elementor-widget-image\" data-id=\"89895ef\" data-element_type=\"widget\" data-widget_type=\"image.default\">\n\t\t\t\t<div class=\"elementor-widget-container\">\n\t\t\t<style>\/*! elementor - v3.13.3 - 28-05-2023 *\/\n.elementor-widget-image{text-align:center}.elementor-widget-image a{display:inline-block}.elementor-widget-image a img[src$=\".svg\"]{width:48px}.elementor-widget-image img{vertical-align:middle;display:inline-block}<\/style>\t\t\t\t\t\t\t\t\t\t\t\t\t<a href=\"https:\/\/visitbaceno.it\/wp-content\/uploads\/2023\/06\/Val_Formazza_cascata_del_Toce-Ph.-Marco-Benedetto-Cerini-1-scaled.jpg\" data-elementor-open-lightbox=\"yes\" data-elementor-lightbox-title=\"Val Formazza, Cascata del Toce - ph. Marco Benedetto Cerini\" data-e-action-hash=\"#elementor-action%3Aaction%3Dlightbox%26settings%3DeyJpZCI6MjUwMywidXJsIjoiaHR0cHM6XC9cL3Zpc2l0YmFjZW5vLml0XC93cC1jb250ZW50XC91cGxvYWRzXC8yMDIzXC8wNlwvVmFsX0Zvcm1henphX2Nhc2NhdGFfZGVsX1RvY2UtUGguLU1hcmNvLUJlbmVkZXR0by1DZXJpbmktMS1zY2FsZWQuanBnIn0%3D\">\n\t\t\t\t\t\t\t<img loading=\"lazy\" decoding=\"async\" width=\"683\" height=\"1024\" src=\"https:\/\/visitbaceno.it\/wp-content\/uploads\/2023\/06\/Val_Formazza_cascata_del_Toce-Ph.-Marco-Benedetto-Cerini-1-683x1024.jpg\" class=\"attachment-large size-large wp-image-2503\" alt=\"Val Formazza, Cascata del Toce - ph. Marco Benedetto Cerini\" srcset=\"https:\/\/visitbaceno.it\/wp-content\/uploads\/2023\/06\/Val_Formazza_cascata_del_Toce-Ph.-Marco-Benedetto-Cerini-1-683x1024.jpg 683w, https:\/\/visitbaceno.it\/wp-content\/uploads\/2023\/06\/Val_Formazza_cascata_del_Toce-Ph.-Marco-Benedetto-Cerini-1-200x300.jpg 200w, https:\/\/visitbaceno.it\/wp-content\/uploads\/2023\/06\/Val_Formazza_cascata_del_Toce-Ph.-Marco-Benedetto-Cerini-1-768x1152.jpg 768w, https:\/\/visitbaceno.it\/wp-content\/uploads\/2023\/06\/Val_Formazza_cascata_del_Toce-Ph.-Marco-Benedetto-Cerini-1-1024x1536.jpg 1024w, https:\/\/visitbaceno.it\/wp-content\/uploads\/2023\/06\/Val_Formazza_cascata_del_Toce-Ph.-Marco-Benedetto-Cerini-1-1365x2048.jpg 1365w, https:\/\/visitbaceno.it\/wp-content\/uploads\/2023\/06\/Val_Formazza_cascata_del_Toce-Ph.-Marco-Benedetto-Cerini-1-600x900.jpg 600w, https:\/\/visitbaceno.it\/wp-content\/uploads\/2023\/06\/Val_Formazza_cascata_del_Toce-Ph.-Marco-Benedetto-Cerini-1-scaled.jpg 1707w\" sizes=\"auto, (max-width: 683px) 100vw, 683px\" \/>\t\t\t\t\t\t\t\t<\/a>\n\t\t\t\t\t\t\t\t\t\t\t\t\t\t\t<\/div>\n\t\t\t\t<\/div>\n\t\t\t\t\t<\/div>\n\t\t<\/div>\n\t\t\t\t\t\t\t<\/div>\n\t\t<\/section>\n\t\t\t\t<section class=\"elementor-section elementor-top-section elementor-element elementor-element-7d453aa elementor-section-boxed elementor-section-height-default elementor-section-height-default\" data-id=\"7d453aa\" data-element_type=\"section\" data-settings=\"{&quot;jet_parallax_layout_list&quot;:[]}\">\n\t\t\t\t\t\t<div class=\"elementor-container elementor-column-gap-default\">\n\t\t\t\t\t<div class=\"elementor-column elementor-col-50 elementor-top-column elementor-element elementor-element-4d72628\" data-id=\"4d72628\" data-element_type=\"column\">\n\t\t\t<div class=\"elementor-widget-wrap elementor-element-populated\">\n\t\t\t\t\t\t\t\t<div class=\"elementor-element elementor-element-cb7512f elementor-widget elementor-widget-image\" data-id=\"cb7512f\" data-element_type=\"widget\" data-widget_type=\"image.default\">\n\t\t\t\t<div class=\"elementor-widget-container\">\n\t\t\t\t\t\t\t\t\t\t\t\t\t\t\t\t<a href=\"https:\/\/visitbaceno.it\/wp-content\/uploads\/2023\/06\/Parco-Naturale-Alpe-Devero-Valle-Antigorio-ph.-Paolo-Sartori-6-scaled.jpg\" data-elementor-open-lightbox=\"yes\" data-elementor-lightbox-title=\"Parco Naturale Alpe Devero, Valle Antigorio - ph. Paolo Sartori\" data-e-action-hash=\"#elementor-action%3Aaction%3Dlightbox%26settings%3DeyJpZCI6MjUwNywidXJsIjoiaHR0cHM6XC9cL3Zpc2l0YmFjZW5vLml0XC93cC1jb250ZW50XC91cGxvYWRzXC8yMDIzXC8wNlwvUGFyY28tTmF0dXJhbGUtQWxwZS1EZXZlcm8tVmFsbGUtQW50aWdvcmlvLXBoLi1QYW9sby1TYXJ0b3JpLTYtc2NhbGVkLmpwZyJ9\">\n\t\t\t\t\t\t\t<img loading=\"lazy\" decoding=\"async\" width=\"1024\" height=\"681\" src=\"https:\/\/visitbaceno.it\/wp-content\/uploads\/2023\/06\/Parco-Naturale-Alpe-Devero-Valle-Antigorio-ph.-Paolo-Sartori-6-1024x681.jpg\" class=\"attachment-large size-large wp-image-2507\" alt=\"Parco Naturale Alpe Devero, Valle Antigorio - ph. Paolo Sartori\" srcset=\"https:\/\/visitbaceno.it\/wp-content\/uploads\/2023\/06\/Parco-Naturale-Alpe-Devero-Valle-Antigorio-ph.-Paolo-Sartori-6-1024x681.jpg 1024w, https:\/\/visitbaceno.it\/wp-content\/uploads\/2023\/06\/Parco-Naturale-Alpe-Devero-Valle-Antigorio-ph.-Paolo-Sartori-6-300x200.jpg 300w, https:\/\/visitbaceno.it\/wp-content\/uploads\/2023\/06\/Parco-Naturale-Alpe-Devero-Valle-Antigorio-ph.-Paolo-Sartori-6-768x511.jpg 768w, https:\/\/visitbaceno.it\/wp-content\/uploads\/2023\/06\/Parco-Naturale-Alpe-Devero-Valle-Antigorio-ph.-Paolo-Sartori-6-1536x1022.jpg 1536w, https:\/\/visitbaceno.it\/wp-content\/uploads\/2023\/06\/Parco-Naturale-Alpe-Devero-Valle-Antigorio-ph.-Paolo-Sartori-6-2048x1363.jpg 2048w, https:\/\/visitbaceno.it\/wp-content\/uploads\/2023\/06\/Parco-Naturale-Alpe-Devero-Valle-Antigorio-ph.-Paolo-Sartori-6-600x399.jpg 600w\" sizes=\"auto, (max-width: 1024px) 100vw, 1024px\" \/>\t\t\t\t\t\t\t\t<\/a>\n\t\t\t\t\t\t\t\t\t\t\t\t\t\t\t<\/div>\n\t\t\t\t<\/div>\n\t\t\t\t\t<\/div>\n\t\t<\/div>\n\t\t\t\t<div class=\"elementor-column elementor-col-50 elementor-top-column elementor-element elementor-element-7bbb11f\" data-id=\"7bbb11f\" data-element_type=\"column\">\n\t\t\t<div class=\"elementor-widget-wrap elementor-element-populated\">\n\t\t\t\t\t\t\t\t<div class=\"elementor-element elementor-element-ba4d614 elementor-widget elementor-widget-image\" data-id=\"ba4d614\" data-element_type=\"widget\" data-widget_type=\"image.default\">\n\t\t\t\t<div class=\"elementor-widget-container\">\n\t\t\t\t\t\t\t\t\t\t\t\t\t\t\t\t<a href=\"https:\/\/visitbaceno.it\/wp-content\/uploads\/2023\/05\/Alpe-Devero-Baceno-ph.-Paolo-Sartori-5-scaled.jpg\" data-elementor-open-lightbox=\"yes\" data-elementor-lightbox-title=\"Alpe Devero - Baceno - ph. Paolo Sartori\" data-e-action-hash=\"#elementor-action%3Aaction%3Dlightbox%26settings%3DeyJpZCI6MTg0OCwidXJsIjoiaHR0cHM6XC9cL3Zpc2l0YmFjZW5vLml0XC93cC1jb250ZW50XC91cGxvYWRzXC8yMDIzXC8wNVwvQWxwZS1EZXZlcm8tQmFjZW5vLXBoLi1QYW9sby1TYXJ0b3JpLTUtc2NhbGVkLmpwZyJ9\">\n\t\t\t\t\t\t\t<img loading=\"lazy\" decoding=\"async\" width=\"1024\" height=\"683\" src=\"https:\/\/visitbaceno.it\/wp-content\/uploads\/2023\/05\/Alpe-Devero-Baceno-ph.-Paolo-Sartori-5-1024x683.jpg\" class=\"attachment-large size-large wp-image-1848\" alt=\"Alpe Devero - Baceno - ph. Paolo Sartori\" srcset=\"https:\/\/visitbaceno.it\/wp-content\/uploads\/2023\/05\/Alpe-Devero-Baceno-ph.-Paolo-Sartori-5-1024x683.jpg 1024w, https:\/\/visitbaceno.it\/wp-content\/uploads\/2023\/05\/Alpe-Devero-Baceno-ph.-Paolo-Sartori-5-300x200.jpg 300w, https:\/\/visitbaceno.it\/wp-content\/uploads\/2023\/05\/Alpe-Devero-Baceno-ph.-Paolo-Sartori-5-768x513.jpg 768w, https:\/\/visitbaceno.it\/wp-content\/uploads\/2023\/05\/Alpe-Devero-Baceno-ph.-Paolo-Sartori-5-1536x1025.jpg 1536w, https:\/\/visitbaceno.it\/wp-content\/uploads\/2023\/05\/Alpe-Devero-Baceno-ph.-Paolo-Sartori-5-2048x1367.jpg 2048w, https:\/\/visitbaceno.it\/wp-content\/uploads\/2023\/05\/Alpe-Devero-Baceno-ph.-Paolo-Sartori-5-600x400.jpg 600w\" sizes=\"auto, (max-width: 1024px) 100vw, 1024px\" \/>\t\t\t\t\t\t\t\t<\/a>\n\t\t\t\t\t\t\t\t\t\t\t\t\t\t\t<\/div>\n\t\t\t\t<\/div>\n\t\t\t\t\t<\/div>\n\t\t<\/div>\n\t\t\t\t\t\t\t<\/div>\n\t\t<\/section>\n\t\t\t\t\t\t\t<\/div>\n\t\t","protected":false},"excerpt":{"rendered":"<p>Die T\u00e4ler Antigorio und Formazza, die sich n\u00f6rdlich von Domodossola tief in die Alpen an der Grenze zur Schweiz eindringen, werden vom Fluss Toce durchquert. Von der 1730-Meter-H\u00f6he des bezaubernden Walserdorfs Riale st\u00fcrzt der Fluss talw\u00e4rts und l\u00e4sst eines der am meisten fotografierten Naturschauspiele des Piemonts entstehen: den Toce-Wasserfall..Zwischen hohen Felsw\u00e4nden, an denen er die [&hellip;]<\/p>\n","protected":false},"author":1,"featured_media":0,"parent":0,"menu_order":0,"comment_status":"closed","ping_status":"closed","template":"","meta":{"footnotes":""},"class_list":["post-5348","page","type-page","status-publish","hentry"],"_links":{"self":[{"href":"https:\/\/visitbaceno.it\/de\/wp-json\/wp\/v2\/pages\/5348","targetHints":{"allow":["GET"]}}],"collection":[{"href":"https:\/\/visitbaceno.it\/de\/wp-json\/wp\/v2\/pages"}],"about":[{"href":"https:\/\/visitbaceno.it\/de\/wp-json\/wp\/v2\/types\/page"}],"author":[{"embeddable":true,"href":"https:\/\/visitbaceno.it\/de\/wp-json\/wp\/v2\/users\/1"}],"replies":[{"embeddable":true,"href":"https:\/\/visitbaceno.it\/de\/wp-json\/wp\/v2\/comments?post=5348"}],"version-history":[{"count":1,"href":"https:\/\/visitbaceno.it\/de\/wp-json\/wp\/v2\/pages\/5348\/revisions"}],"predecessor-version":[{"id":5349,"href":"https:\/\/visitbaceno.it\/de\/wp-json\/wp\/v2\/pages\/5348\/revisions\/5349"}],"wp:attachment":[{"href":"https:\/\/visitbaceno.it\/de\/wp-json\/wp\/v2\/media?parent=5348"}],"curies":[{"name":"wp","href":"https:\/\/api.w.org\/{rel}","templated":true}]}}